{"id":16,"date":"2022-05-24T09:11:16","date_gmt":"2022-05-24T09:11:16","guid":{"rendered":"http:\/\/sostenibilidad.test\/?page_id=16"},"modified":"2026-04-24T21:31:36","modified_gmt":"2026-04-24T21:31:36","slug":"eventos-y-foros","status":"publish","type":"page","link":"https:\/\/fcctp.usmp.edu.pe\/sostenibilidad\/eventos-y-foros\/","title":{"rendered":"Eventos y foros"},"content":{"rendered":"\t\t<div data-elementor-type=\"wp-page\" data-elementor-id=\"16\" class=\"elementor elementor-16\">\n\t\t\t\t\t\t\t<div class=\"elementor-element elementor-element-228606e e-flex e-con-boxed wpr-particle-no wpr-jarallax-no wpr-parallax-no wpr-sticky-section-no e-con\" data-id=\"228606e\" data-element_type=\"container\" data-settings=\"{&quot;background_background&quot;:&quot;classic&quot;,&quot;content_width&quot;:&quot;boxed&quot;}\">\n\t\t\t\t\t<div class=\"e-con-inner\">\n\t\t<div class=\"elementor-element elementor-element-31fb4ac e-con-full e-flex wpr-particle-no wpr-jarallax-no wpr-parallax-no wpr-sticky-section-no e-con\" data-id=\"31fb4ac\" data-element_type=\"container\" data-settings=\"{&quot;content_width&quot;:&quot;full&quot;}\">\n\t\t\t\t<div class=\"elementor-element elementor-element-3a9e9d7 elementor-invisible elementor-widget elementor-widget-heading\" data-id=\"3a9e9d7\" data-element_type=\"widget\" data-settings=\"{&quot;_animation&quot;:&quot;fadeInDown&quot;}\" data-widget_type=\"heading.default\">\n\t\t\t\t<div class=\"elementor-widget-container\">\n\t\t\t<style>\/*! elementor - v3.14.0 - 26-06-2023 *\/\n.elementor-heading-title{padding:0;margin:0;line-height:1}.elementor-widget-heading .elementor-heading-title[class*=elementor-size-]>a{color:inherit;font-size:inherit;line-height:inherit}.elementor-widget-heading .elementor-heading-title.elementor-size-small{font-size:15px}.elementor-widget-heading .elementor-heading-title.elementor-size-medium{font-size:19px}.elementor-widget-heading .elementor-heading-title.elementor-size-large{font-size:29px}.elementor-widget-heading .elementor-heading-title.elementor-size-xl{font-size:39px}.elementor-widget-heading .elementor-heading-title.elementor-size-xxl{font-size:59px}<\/style><h1 class=\"elementor-heading-title elementor-size-default\">Nuestros Eventos<\/h1>\t\t<\/div>\n\t\t\t\t<\/div>\n\t\t\t\t<div class=\"elementor-element elementor-element-fd80773 elementor-invisible elementor-widget elementor-widget-heading\" data-id=\"fd80773\" data-element_type=\"widget\" data-settings=\"{&quot;_animation&quot;:&quot;fadeInUp&quot;}\" data-widget_type=\"heading.default\">\n\t\t\t\t<div class=\"elementor-widget-container\">\n\t\t\t<p class=\"elementor-heading-title elementor-size-default\">Organizamos eventos, campa\u00f1as y espacios participativos que fomentan la reflexi\u00f3n, el aprendizaje y la acci\u00f3n conjunta hacia un futuro m\u00e1s sostenible.\u200b<\/p>\t\t<\/div>\n\t\t\t\t<\/div>\n\t\t\t\t<\/div>\n\t\t\t\t\t<\/div>\n\t\t\t\t<\/div>\n\t\t<div class=\"elementor-element elementor-element-ce2f505 e-grid e-con-boxed wpr-particle-no wpr-jarallax-no wpr-parallax-no wpr-sticky-section-no e-con\" data-id=\"ce2f505\" data-element_type=\"container\" data-settings=\"{&quot;grid_columns_grid&quot;:{&quot;unit&quot;:&quot;fr&quot;,&quot;size&quot;:&quot;3&quot;,&quot;sizes&quot;:[]},&quot;grid_rows_grid&quot;:{&quot;unit&quot;:&quot;fr&quot;,&quot;size&quot;:&quot;1&quot;,&quot;sizes&quot;:[]},&quot;grid_rows_grid_mobile&quot;:{&quot;unit&quot;:&quot;fr&quot;,&quot;size&quot;:&quot;1&quot;,&quot;sizes&quot;:[]},&quot;content_width&quot;:&quot;boxed&quot;,&quot;grid_outline&quot;:&quot;yes&quot;,&quot;grid_columns_grid_tablet&quot;:{&quot;unit&quot;:&quot;fr&quot;,&quot;size&quot;:&quot;&quot;,&quot;sizes&quot;:[]},&quot;grid_columns_grid_mobile&quot;:{&quot;unit&quot;:&quot;fr&quot;,&quot;size&quot;:1,&quot;sizes&quot;:[]},&quot;grid_rows_grid_tablet&quot;:{&quot;unit&quot;:&quot;fr&quot;,&quot;size&quot;:&quot;&quot;,&quot;sizes&quot;:[]}}\">\n\t\t\t\t\t<div class=\"e-con-inner\">\n\t\t\t\t<div class=\"elementor-element elementor-element-45b1d94 elementor-cta--skin-classic elementor-animated-content elementor-bg-transform elementor-bg-transform-zoom-in elementor-widget elementor-widget-call-to-action\" data-id=\"45b1d94\" data-element_type=\"widget\" data-widget_type=\"call-to-action.default\">\n\t\t\t\t<div class=\"elementor-widget-container\">\n\t\t\t<link rel=\"stylesheet\" href=\"https:\/\/fcctp.usmp.edu.pe\/sostenibilidad\/wp-content\/plugins\/elementor-pro\/assets\/css\/widget-call-to-action.min.css\">\t\t<a class=\"elementor-cta\" href=\"https:\/\/fcctp.usmp.edu.pe\/sostenibilidad\/v-feria-de-voluntariado\/\">\n\t\t\t\t\t<div class=\"elementor-cta__bg-wrapper\">\n\t\t\t\t<div class=\"elementor-cta__bg elementor-bg\" style=\"background-image: url(https:\/\/fcctp.usmp.edu.pe\/sostenibilidad\/wp-content\/uploads\/2026\/04\/v-voluntariado-cover.jpg);\"><\/div>\n\t\t\t\t<div class=\"elementor-cta__bg-overlay\"><\/div>\n\t\t\t<\/div>\n\t\t\t\t\t\t\t<div class=\"elementor-cta__content\">\n\t\t\t\t\n\t\t\t\t<span class=\"elementor-cta__title elementor-cta__content-item elementor-content-item\">V Feria de Voluntariado <\/span>\n\t\t\t\t\t\t\t\t\t<div class=\"elementor-cta__description elementor-cta__content-item elementor-content-item\">\n\t\t\t\t\t\tEl evento, en su quinta edici\u00f3n, reuni\u00f3 a 14 organizaciones de voluntariado, quienes brindar\u00e1n opciones a los estudiantes para participar en actividades que se alineen con sus intereses y valores.\t\t\t\t\t<\/div>\n\t\t\t\t\n\t\t\t\t\t\t\t\t\t<div class=\"elementor-cta__button-wrapper elementor-cta__content-item elementor-content-item \">\n\t\t\t\t\t<span class=\"elementor-cta__button elementor-button elementor-size-sm\">\n\t\t\t\t\t\tDescubre m\u00e1s >\t\t\t\t\t<\/span>\n\t\t\t\t\t<\/div>\n\t\t\t\t\t\t\t<\/div>\n\t\t\t\t\t\t<\/a>\n\t\t\t\t<\/div>\n\t\t\t\t<\/div>\n\t\t\t\t<div class=\"elementor-element elementor-element-7f3acde elementor-cta--skin-classic elementor-animated-content elementor-bg-transform elementor-bg-transform-zoom-in elementor-widget elementor-widget-call-to-action\" data-id=\"7f3acde\" data-element_type=\"widget\" data-widget_type=\"call-to-action.default\">\n\t\t\t\t<div class=\"elementor-widget-container\">\n\t\t\t\t\t<a class=\"elementor-cta\" href=\"https:\/\/fcctp.usmp.edu.pe\/sostenibilidad\/iii-semana-de-sostenibilidad\/\">\n\t\t\t\t\t<div class=\"elementor-cta__bg-wrapper\">\n\t\t\t\t<div class=\"elementor-cta__bg elementor-bg\" style=\"background-image: url(https:\/\/fcctp.usmp.edu.pe\/sostenibilidad\/wp-content\/uploads\/2026\/04\/semana-sostenibilidad-iii-cover.jpg);\"><\/div>\n\t\t\t\t<div class=\"elementor-cta__bg-overlay\"><\/div>\n\t\t\t<\/div>\n\t\t\t\t\t\t\t<div class=\"elementor-cta__content\">\n\t\t\t\t\n\t\t\t\t<span class=\"elementor-cta__title elementor-cta__content-item elementor-content-item\">III Semana de Sostenibilidad<\/span>\n\t\t\t\t\t\t\t\t\t<div class=\"elementor-cta__description elementor-cta__content-item elementor-content-item\">\n\t\t\t\t\t\tEn esta nueva edici\u00f3n, se organizar\u00e1n diversos eventos y actividades enfocadas en promover la sostenibilidad y concientizar a los alumnos sobre la importancia de cuidar el medio ambiente y fomentar la equidad social.\t\t\t\t\t<\/div>\n\t\t\t\t\n\t\t\t\t\t\t\t\t\t<div class=\"elementor-cta__button-wrapper elementor-cta__content-item elementor-content-item \">\n\t\t\t\t\t<span class=\"elementor-cta__button elementor-button elementor-size-sm\">\n\t\t\t\t\t\tDescubre m\u00e1s >\t\t\t\t\t<\/span>\n\t\t\t\t\t<\/div>\n\t\t\t\t\t\t\t<\/div>\n\t\t\t\t\t\t<\/a>\n\t\t\t\t<\/div>\n\t\t\t\t<\/div>\n\t\t\t\t<div class=\"elementor-element elementor-element-75d8e12 elementor-cta--skin-classic elementor-animated-content elementor-bg-transform elementor-bg-transform-zoom-in elementor-widget elementor-widget-call-to-action\" data-id=\"75d8e12\" data-element_type=\"widget\" data-widget_type=\"call-to-action.default\">\n\t\t\t\t<div class=\"elementor-widget-container\">\n\t\t\t\t\t<a class=\"elementor-cta\" href=\"https:\/\/fcctp.usmp.edu.pe\/sostenibilidad\/jornada-sostenible-arborizacion\/\">\n\t\t\t\t\t<div class=\"elementor-cta__bg-wrapper\">\n\t\t\t\t<div class=\"elementor-cta__bg elementor-bg\" style=\"background-image: url(https:\/\/fcctp.usmp.edu.pe\/sostenibilidad\/wp-content\/uploads\/2026\/04\/arborizacion-01.jpg);\"><\/div>\n\t\t\t\t<div class=\"elementor-cta__bg-overlay\"><\/div>\n\t\t\t<\/div>\n\t\t\t\t\t\t\t<div class=\"elementor-cta__content\">\n\t\t\t\t\n\t\t\t\t<span class=\"elementor-cta__title elementor-cta__content-item elementor-content-item\">Jornada Sostenible: Arborizaci\u00f3n<\/span>\n\t\t\t\t\t\t\t\t\t<div class=\"elementor-cta__description elementor-cta__content-item elementor-content-item\">\n\t\t\t\t\t\tLos estudiantes de la FCCTP participan en jornadas de voluntariado ambiental en alianza con la Municipalidad de Lima y SERPAR, incluyendo actividades como arborizaci\u00f3n.\t\t\t\t\t<\/div>\n\t\t\t\t\n\t\t\t\t\t\t\t\t\t<div class=\"elementor-cta__button-wrapper elementor-cta__content-item elementor-content-item \">\n\t\t\t\t\t<span class=\"elementor-cta__button elementor-button elementor-size-sm\">\n\t\t\t\t\t\tDescubre m\u00e1s >\t\t\t\t\t<\/span>\n\t\t\t\t\t<\/div>\n\t\t\t\t\t\t\t<\/div>\n\t\t\t\t\t\t<\/a>\n\t\t\t\t<\/div>\n\t\t\t\t<\/div>\n\t\t\t\t<div class=\"elementor-element elementor-element-9f9c60b elementor-cta--skin-classic elementor-animated-content elementor-bg-transform elementor-bg-transform-zoom-in elementor-widget elementor-widget-call-to-action\" data-id=\"9f9c60b\" data-element_type=\"widget\" data-widget_type=\"call-to-action.default\">\n\t\t\t\t<div class=\"elementor-widget-container\">\n\t\t\t\t\t<a class=\"elementor-cta\" href=\"https:\/\/fcctp.usmp.edu.pe\/sostenibilidad\/jornada-sostenible-limpieza-de-playas\/\">\n\t\t\t\t\t<div class=\"elementor-cta__bg-wrapper\">\n\t\t\t\t<div class=\"elementor-cta__bg elementor-bg\" style=\"background-image: url(https:\/\/fcctp.usmp.edu.pe\/sostenibilidad\/wp-content\/uploads\/2026\/04\/limpieza-de-playas-01.jpg);\"><\/div>\n\t\t\t\t<div class=\"elementor-cta__bg-overlay\"><\/div>\n\t\t\t<\/div>\n\t\t\t\t\t\t\t<div class=\"elementor-cta__content\">\n\t\t\t\t\n\t\t\t\t<span class=\"elementor-cta__title elementor-cta__content-item elementor-content-item\">Jornada Sostenible: Limpieza de playas<\/span>\n\t\t\t\t\t\t\t\t\t<div class=\"elementor-cta__description elementor-cta__content-item elementor-content-item\">\n\t\t\t\t\t\tLos estudiantes de la FCCTP participan en jornadas de voluntariado ambiental en alianza con la Municipalidad de Lima y SERPAR, incluyendo actividades como limpieza de playas.\t\t\t\t\t<\/div>\n\t\t\t\t\n\t\t\t\t\t\t\t\t\t<div class=\"elementor-cta__button-wrapper elementor-cta__content-item elementor-content-item \">\n\t\t\t\t\t<span class=\"elementor-cta__button elementor-button elementor-size-sm\">\n\t\t\t\t\t\tDescubre m\u00e1s >\t\t\t\t\t<\/span>\n\t\t\t\t\t<\/div>\n\t\t\t\t\t\t\t<\/div>\n\t\t\t\t\t\t<\/a>\n\t\t\t\t<\/div>\n\t\t\t\t<\/div>\n\t\t\t\t<div class=\"elementor-element elementor-element-4987bfe elementor-cta--skin-classic elementor-animated-content elementor-bg-transform elementor-bg-transform-zoom-in elementor-widget elementor-widget-call-to-action\" data-id=\"4987bfe\" data-element_type=\"widget\" data-widget_type=\"call-to-action.default\">\n\t\t\t\t<div class=\"elementor-widget-container\">\n\t\t\t\t\t<a class=\"elementor-cta\" href=\"https:\/\/fcctp.usmp.edu.pe\/sostenibilidad\/jornada-por-la-salud-mental-materna-con-incubadoras-de-psicologia\/\">\n\t\t\t\t\t<div class=\"elementor-cta__bg-wrapper\">\n\t\t\t\t<div class=\"elementor-cta__bg elementor-bg\" style=\"background-image: url(https:\/\/fcctp.usmp.edu.pe\/sostenibilidad\/wp-content\/uploads\/2026\/04\/salud-mental-cover.jpg);\"><\/div>\n\t\t\t\t<div class=\"elementor-cta__bg-overlay\"><\/div>\n\t\t\t<\/div>\n\t\t\t\t\t\t\t<div class=\"elementor-cta__content\">\n\t\t\t\t\n\t\t\t\t<span class=\"elementor-cta__title elementor-cta__content-item elementor-content-item\">Jornada por la Salud Mental Materna<\/span>\n\t\t\t\t\t\t\t\t\t<div class=\"elementor-cta__description elementor-cta__content-item elementor-content-item\">\n\t\t\t\t\t\tEstudiantes de Psicolog\u00eda brindaron un taller de salud mental materna a madres de familia en el colegio Jos\u00e9 Mar\u00eda Arguedas de San Juan de Miraflores.\t\t\t\t\t<\/div>\n\t\t\t\t\n\t\t\t\t\t\t\t\t\t<div class=\"elementor-cta__button-wrapper elementor-cta__content-item elementor-content-item \">\n\t\t\t\t\t<span class=\"elementor-cta__button elementor-button elementor-size-sm\">\n\t\t\t\t\t\tDescubre m\u00e1s >\t\t\t\t\t<\/span>\n\t\t\t\t\t<\/div>\n\t\t\t\t\t\t\t<\/div>\n\t\t\t\t\t\t<\/a>\n\t\t\t\t<\/div>\n\t\t\t\t<\/div>\n\t\t\t\t<div class=\"elementor-element elementor-element-3309b5c elementor-cta--skin-classic elementor-animated-content elementor-bg-transform elementor-bg-transform-zoom-in elementor-widget elementor-widget-call-to-action\" data-id=\"3309b5c\" data-element_type=\"widget\" data-widget_type=\"call-to-action.default\">\n\t\t\t\t<div class=\"elementor-widget-container\">\n\t\t\t\t\t<a class=\"elementor-cta\" href=\"https:\/\/fcctp.usmp.edu.pe\/sostenibilidad\/ii-semana-de-sostenibilidad\/\">\n\t\t\t\t\t<div class=\"elementor-cta__bg-wrapper\">\n\t\t\t\t<div class=\"elementor-cta__bg elementor-bg\" style=\"background-image: url(https:\/\/fcctp.usmp.edu.pe\/sostenibilidad\/wp-content\/uploads\/2025\/01\/portada_ii_ss.png);\"><\/div>\n\t\t\t\t<div class=\"elementor-cta__bg-overlay\"><\/div>\n\t\t\t<\/div>\n\t\t\t\t\t\t\t<div class=\"elementor-cta__content\">\n\t\t\t\t\n\t\t\t\t<span class=\"elementor-cta__title elementor-cta__content-item elementor-content-item\">II Semana de Sostenibilidad<\/span>\n\t\t\t\t\t\t\t\t\t<div class=\"elementor-cta__description elementor-cta__content-item elementor-content-item\">\n\t\t\t\t\t\tEn su segunda edici\u00f3n, se llev\u00f3 a cabo la Semana de la Sostenibilidad, 5 d\u00edas llenos de actividades para un futuro mejor.\t\t\t\t\t<\/div>\n\t\t\t\t\n\t\t\t\t\t\t\t\t\t<div class=\"elementor-cta__button-wrapper elementor-cta__content-item elementor-content-item \">\n\t\t\t\t\t<span class=\"elementor-cta__button elementor-button elementor-size-sm\">\n\t\t\t\t\t\tDescubre m\u00e1s >\t\t\t\t\t<\/span>\n\t\t\t\t\t<\/div>\n\t\t\t\t\t\t\t<\/div>\n\t\t\t\t\t\t<\/a>\n\t\t\t\t<\/div>\n\t\t\t\t<\/div>\n\t\t\t\t<div class=\"elementor-element elementor-element-9e934d9 elementor-cta--skin-classic elementor-animated-content elementor-bg-transform elementor-bg-transform-zoom-in elementor-widget elementor-widget-call-to-action\" data-id=\"9e934d9\" data-element_type=\"widget\" data-widget_type=\"call-to-action.default\">\n\t\t\t\t<div class=\"elementor-widget-container\">\n\t\t\t\t\t<a class=\"elementor-cta\" href=\"https:\/\/fcctp.usmp.edu.pe\/sostenibilidad\/iv-feria-de-voluntariado\/\">\n\t\t\t\t\t<div class=\"elementor-cta__bg-wrapper\">\n\t\t\t\t<div class=\"elementor-cta__bg elementor-bg\" style=\"background-image: url(https:\/\/fcctp.usmp.edu.pe\/sostenibilidad\/wp-content\/uploads\/2025\/01\/portada_iv_fv.png);\"><\/div>\n\t\t\t\t<div class=\"elementor-cta__bg-overlay\"><\/div>\n\t\t\t<\/div>\n\t\t\t\t\t\t\t<div class=\"elementor-cta__content\">\n\t\t\t\t\n\t\t\t\t<span class=\"elementor-cta__title elementor-cta__content-item elementor-content-item\">IV Feria de Voluntariado<\/span>\n\t\t\t\t\t\t\t\t\t<div class=\"elementor-cta__description elementor-cta__content-item elementor-content-item\">\n\t\t\t\t\t\tEn su cuarta edici\u00f3n, la feria de voluntariado se realiz\u00f3 con \u00e9xito y reuni\u00f3 a distintas organizaciones con iniciativas sostenibles.\t\t\t\t\t<\/div>\n\t\t\t\t\n\t\t\t\t\t\t\t\t\t<div class=\"elementor-cta__button-wrapper elementor-cta__content-item elementor-content-item \">\n\t\t\t\t\t<span class=\"elementor-cta__button elementor-button elementor-size-sm\">\n\t\t\t\t\t\tDescubre m\u00e1s >\t\t\t\t\t<\/span>\n\t\t\t\t\t<\/div>\n\t\t\t\t\t\t\t<\/div>\n\t\t\t\t\t\t<\/a>\n\t\t\t\t<\/div>\n\t\t\t\t<\/div>\n\t\t\t\t<div class=\"elementor-element elementor-element-f8dc26b elementor-cta--skin-classic elementor-animated-content elementor-bg-transform elementor-bg-transform-zoom-in elementor-widget elementor-widget-call-to-action\" data-id=\"f8dc26b\" data-element_type=\"widget\" data-widget_type=\"call-to-action.default\">\n\t\t\t\t<div class=\"elementor-widget-container\">\n\t\t\t\t\t<a class=\"elementor-cta\" href=\"https:\/\/fcctp.usmp.edu.pe\/sostenibilidad\/i-semana-de-sostenibilidad\/\">\n\t\t\t\t\t<div class=\"elementor-cta__bg-wrapper\">\n\t\t\t\t<div class=\"elementor-cta__bg elementor-bg\" style=\"background-image: url(https:\/\/fcctp.usmp.edu.pe\/sostenibilidad\/wp-content\/uploads\/2025\/01\/portada_i_ss.png);\"><\/div>\n\t\t\t\t<div class=\"elementor-cta__bg-overlay\"><\/div>\n\t\t\t<\/div>\n\t\t\t\t\t\t\t<div class=\"elementor-cta__content\">\n\t\t\t\t\n\t\t\t\t<span class=\"elementor-cta__title elementor-cta__content-item elementor-content-item\">I Semana de Sostenibilidad<\/span>\n\t\t\t\t\t\t\t\t\t<div class=\"elementor-cta__description elementor-cta__content-item elementor-content-item\">\n\t\t\t\t\t\tPor primera vez en la FCCTP, se llev\u00f3 a cabo la Semana de la Sostenibilidad, 5 d\u00edas llenos de actividades para un futuro mejor.\t\t\t\t\t<\/div>\n\t\t\t\t\n\t\t\t\t\t\t\t\t\t<div class=\"elementor-cta__button-wrapper elementor-cta__content-item elementor-content-item \">\n\t\t\t\t\t<span class=\"elementor-cta__button elementor-button elementor-size-sm\">\n\t\t\t\t\t\tDescubre m\u00e1s >\t\t\t\t\t<\/span>\n\t\t\t\t\t<\/div>\n\t\t\t\t\t\t\t<\/div>\n\t\t\t\t\t\t<\/a>\n\t\t\t\t<\/div>\n\t\t\t\t<\/div>\n\t\t\t\t<div class=\"elementor-element elementor-element-629d0de elementor-cta--skin-classic elementor-animated-content elementor-bg-transform elementor-bg-transform-zoom-in elementor-widget elementor-widget-call-to-action\" data-id=\"629d0de\" data-element_type=\"widget\" data-widget_type=\"call-to-action.default\">\n\t\t\t\t<div class=\"elementor-widget-container\">\n\t\t\t\t\t<a class=\"elementor-cta\" href=\"https:\/\/fcctp.usmp.edu.pe\/sostenibilidad\/iii-feria-de-voluntariado\/\">\n\t\t\t\t\t<div class=\"elementor-cta__bg-wrapper\">\n\t\t\t\t<div class=\"elementor-cta__bg elementor-bg\" style=\"background-image: url(https:\/\/fcctp.usmp.edu.pe\/sostenibilidad\/wp-content\/uploads\/2025\/01\/portada_iii_fv.png);\"><\/div>\n\t\t\t\t<div class=\"elementor-cta__bg-overlay\"><\/div>\n\t\t\t<\/div>\n\t\t\t\t\t\t\t<div class=\"elementor-cta__content\">\n\t\t\t\t\n\t\t\t\t<span class=\"elementor-cta__title elementor-cta__content-item elementor-content-item\">III Feria de Voluntariado<\/span>\n\t\t\t\t\t\t\t\t\t<div class=\"elementor-cta__description elementor-cta__content-item elementor-content-item\">\n\t\t\t\t\t\tEn su tercera edici\u00f3n, la feria de voluntariado se realiz\u00f3 con \u00e9xito y reuni\u00f3 a distintas organizaciones con iniciativas sostenibles.\t\t\t\t\t<\/div>\n\t\t\t\t\n\t\t\t\t\t\t\t\t\t<div class=\"elementor-cta__button-wrapper elementor-cta__content-item elementor-content-item \">\n\t\t\t\t\t<span class=\"elementor-cta__button elementor-button elementor-size-sm\">\n\t\t\t\t\t\tDescubre m\u00e1s >\t\t\t\t\t<\/span>\n\t\t\t\t\t<\/div>\n\t\t\t\t\t\t\t<\/div>\n\t\t\t\t\t\t<\/a>\n\t\t\t\t<\/div>\n\t\t\t\t<\/div>\n\t\t\t\t<div class=\"elementor-element elementor-element-22f439c elementor-cta--skin-classic elementor-animated-content elementor-bg-transform elementor-bg-transform-zoom-in elementor-widget elementor-widget-call-to-action\" data-id=\"22f439c\" data-element_type=\"widget\" data-widget_type=\"call-to-action.default\">\n\t\t\t\t<div class=\"elementor-widget-container\">\n\t\t\t\t\t<a class=\"elementor-cta\" href=\"https:\/\/fcctp.usmp.edu.pe\/sostenibilidad\/iv-convocatoria-de-proyectos-sostenibles-fcctp\/\">\n\t\t\t\t\t<div class=\"elementor-cta__bg-wrapper\">\n\t\t\t\t<div class=\"elementor-cta__bg elementor-bg\" style=\"background-image: url(https:\/\/fcctp.usmp.edu.pe\/sostenibilidad\/wp-content\/uploads\/2022\/11\/BANNER_proyectos-sostenibles.jpg);\"><\/div>\n\t\t\t\t<div class=\"elementor-cta__bg-overlay\"><\/div>\n\t\t\t<\/div>\n\t\t\t\t\t\t\t<div class=\"elementor-cta__content\">\n\t\t\t\t\n\t\t\t\t<span class=\"elementor-cta__title elementor-cta__content-item elementor-content-item\">IV Convocatoria de Proyectos Sostenibles <\/span>\n\t\t\t\t\t\t\t\t\t<div class=\"elementor-cta__description elementor-cta__content-item elementor-content-item\">\n\t\t\t\t\t\tEsta convocatoria invit\u00f3 a la comunidad FCCTP y a organizaciones externas a presentar un proyecto de responsabilidad social, sostenible, alineado con los Objetivos de Desarrollo Sostenible de la ONU y en formato virtual o presencial.\t\t\t\t\t<\/div>\n\t\t\t\t\n\t\t\t\t\t\t\t\t\t<div class=\"elementor-cta__button-wrapper elementor-cta__content-item elementor-content-item \">\n\t\t\t\t\t<span class=\"elementor-cta__button elementor-button elementor-size-sm\">\n\t\t\t\t\t\tDescubre m\u00e1s >\t\t\t\t\t<\/span>\n\t\t\t\t\t<\/div>\n\t\t\t\t\t\t\t<\/div>\n\t\t\t\t\t\t<\/a>\n\t\t\t\t<\/div>\n\t\t\t\t<\/div>\n\t\t\t\t<div class=\"elementor-element elementor-element-c0b5ea3 elementor-cta--skin-classic elementor-animated-content elementor-bg-transform elementor-bg-transform-zoom-in elementor-widget elementor-widget-call-to-action\" data-id=\"c0b5ea3\" data-element_type=\"widget\" data-widget_type=\"call-to-action.default\">\n\t\t\t\t<div class=\"elementor-widget-container\">\n\t\t\t\t\t<a class=\"elementor-cta\" href=\"https:\/\/fcctp.usmp.edu.pe\/sostenibilidad\/ii-feria-de-voluntariado\/\">\n\t\t\t\t\t<div class=\"elementor-cta__bg-wrapper\">\n\t\t\t\t<div class=\"elementor-cta__bg elementor-bg\" style=\"background-image: url(https:\/\/fcctp.usmp.edu.pe\/sostenibilidad\/wp-content\/uploads\/2022\/11\/2feria_voluntariado_miniatura.jpg);\"><\/div>\n\t\t\t\t<div class=\"elementor-cta__bg-overlay\"><\/div>\n\t\t\t<\/div>\n\t\t\t\t\t\t\t<div class=\"elementor-cta__content\">\n\t\t\t\t\n\t\t\t\t<span class=\"elementor-cta__title elementor-cta__content-item elementor-content-item\"> II Feria de Voluntariado<\/span>\n\t\t\t\t\t\t\t\t\t<div class=\"elementor-cta__description elementor-cta__content-item elementor-content-item\">\n\t\t\t\t\t\tLa segunda edici\u00f3n de la Feria de voluntariado, organizada por la Facultad de Ciencias de la Comunicaci\u00f3n, Turismo y Psicolog\u00eda de la Universidad de San Mart\u00edn de Porres...\t\t\t\t\t<\/div>\n\t\t\t\t\n\t\t\t\t\t\t\t\t\t<div class=\"elementor-cta__button-wrapper elementor-cta__content-item elementor-content-item \">\n\t\t\t\t\t<span class=\"elementor-cta__button elementor-button elementor-size-sm\">\n\t\t\t\t\t\tDescubre m\u00e1s >\t\t\t\t\t<\/span>\n\t\t\t\t\t<\/div>\n\t\t\t\t\t\t\t<\/div>\n\t\t\t\t\t\t<\/a>\n\t\t\t\t<\/div>\n\t\t\t\t<\/div>\n\t\t\t\t<div class=\"elementor-element elementor-element-ec3028a elementor-cta--skin-classic elementor-animated-content elementor-bg-transform elementor-bg-transform-zoom-in elementor-widget elementor-widget-call-to-action\" data-id=\"ec3028a\" data-element_type=\"widget\" data-widget_type=\"call-to-action.default\">\n\t\t\t\t<div class=\"elementor-widget-container\">\n\t\t\t\t\t<a class=\"elementor-cta\" href=\"https:\/\/fcctp.usmp.edu.pe\/sostenibilidad\/iv-foro-de-sostenibilidad\/\">\n\t\t\t\t\t<div class=\"elementor-cta__bg-wrapper\">\n\t\t\t\t<div class=\"elementor-cta__bg elementor-bg\" style=\"background-image: url(https:\/\/fcctp.usmp.edu.pe\/sostenibilidad\/wp-content\/uploads\/2022\/10\/SOS_FORO22_miniatura-evento-1.jpg);\"><\/div>\n\t\t\t\t<div class=\"elementor-cta__bg-overlay\"><\/div>\n\t\t\t<\/div>\n\t\t\t\t\t\t\t<div class=\"elementor-cta__content\">\n\t\t\t\t\n\t\t\t\t<span class=\"elementor-cta__title elementor-cta__content-item elementor-content-item\">IV Foro de Sostenibilidad<\/span>\n\t\t\t\t\t\t\t\t\t<div class=\"elementor-cta__description elementor-cta__content-item elementor-content-item\">\n\t\t\t\t\t\tLa cuarta edici\u00f3n del Foro de Sostenibilidad, organizado por la Facultad de Ciencias de la Comunicaci\u00f3n, Turismo y Psicolog\u00eda de la Universidad de San Mart\u00edn de Porres.\t\t\t\t\t<\/div>\n\t\t\t\t\n\t\t\t\t\t\t\t\t\t<div class=\"elementor-cta__button-wrapper elementor-cta__content-item elementor-content-item \">\n\t\t\t\t\t<span class=\"elementor-cta__button elementor-button elementor-size-sm\">\n\t\t\t\t\t\tDescubre m\u00e1s >\t\t\t\t\t<\/span>\n\t\t\t\t\t<\/div>\n\t\t\t\t\t\t\t<\/div>\n\t\t\t\t\t\t<\/a>\n\t\t\t\t<\/div>\n\t\t\t\t<\/div>\n\t\t\t\t<div class=\"elementor-element elementor-element-6c29414 elementor-cta--skin-classic elementor-animated-content elementor-bg-transform elementor-bg-transform-zoom-in elementor-widget elementor-widget-call-to-action\" data-id=\"6c29414\" data-element_type=\"widget\" data-widget_type=\"call-to-action.default\">\n\t\t\t\t<div class=\"elementor-widget-container\">\n\t\t\t\t\t<a class=\"elementor-cta\" href=\"\/sostenibilidad\/eventos-y-foros\/i-feria-de-voluntariado\/\">\n\t\t\t\t\t<div class=\"elementor-cta__bg-wrapper\">\n\t\t\t\t<div class=\"elementor-cta__bg elementor-bg\" style=\"background-image: url(https:\/\/fcctp.usmp.edu.pe\/sostenibilidad\/wp-content\/uploads\/2022\/05\/evforo_feria1.jpeg);\"><\/div>\n\t\t\t\t<div class=\"elementor-cta__bg-overlay\"><\/div>\n\t\t\t<\/div>\n\t\t\t\t\t\t\t<div class=\"elementor-cta__content\">\n\t\t\t\t\n\t\t\t\t<span class=\"elementor-cta__title elementor-cta__content-item elementor-content-item\">I FERIA DE VOLUNTARIADO<\/span>\n\t\t\t\t\t\t\t\t\t<div class=\"elementor-cta__description elementor-cta__content-item elementor-content-item\">\n\t\t\t\t\t\tOrganizaciones promoviendo la ciudadan\u00eda activa desde el voluntariado\n\t\t\t\t\t<\/div>\n\t\t\t\t\n\t\t\t\t\t\t\t\t\t<div class=\"elementor-cta__button-wrapper elementor-cta__content-item elementor-content-item \">\n\t\t\t\t\t<span class=\"elementor-cta__button elementor-button elementor-size-sm\">\n\t\t\t\t\t\tDescubre m\u00e1s >\t\t\t\t\t<\/span>\n\t\t\t\t\t<\/div>\n\t\t\t\t\t\t\t<\/div>\n\t\t\t\t\t\t<\/a>\n\t\t\t\t<\/div>\n\t\t\t\t<\/div>\n\t\t\t\t<div class=\"elementor-element elementor-element-6621eaa elementor-cta--skin-classic elementor-animated-content elementor-bg-transform elementor-bg-transform-zoom-in elementor-widget elementor-widget-call-to-action\" data-id=\"6621eaa\" data-element_type=\"widget\" data-widget_type=\"call-to-action.default\">\n\t\t\t\t<div class=\"elementor-widget-container\">\n\t\t\t\t\t<a class=\"elementor-cta\" href=\"\/sostenibilidad\/eventos-y-foros\/iii-foro-de-sostenibilidad\/\">\n\t\t\t\t\t<div class=\"elementor-cta__bg-wrapper\">\n\t\t\t\t<div class=\"elementor-cta__bg elementor-bg\" style=\"background-image: url(https:\/\/fcctp.usmp.edu.pe\/sostenibilidad\/wp-content\/uploads\/2022\/05\/evforo_feria3.jpeg);\"><\/div>\n\t\t\t\t<div class=\"elementor-cta__bg-overlay\"><\/div>\n\t\t\t<\/div>\n\t\t\t\t\t\t\t<div class=\"elementor-cta__content\">\n\t\t\t\t\n\t\t\t\t<span class=\"elementor-cta__title elementor-cta__content-item elementor-content-item\">III FORO DE SOSTENIBILIDAD<\/span>\n\t\t\t\t\t\t\t\t\t<div class=\"elementor-cta__description elementor-cta__content-item elementor-content-item\">\n\t\t\t\t\t\tLa educaci\u00f3n como base para el desarrollo sostenible\t\t\t\t\t<\/div>\n\t\t\t\t\n\t\t\t\t\t\t\t\t\t<div class=\"elementor-cta__button-wrapper elementor-cta__content-item elementor-content-item \">\n\t\t\t\t\t<span class=\"elementor-cta__button elementor-button elementor-size-sm\">\n\t\t\t\t\t\tDescubre m\u00e1s >\t\t\t\t\t<\/span>\n\t\t\t\t\t<\/div>\n\t\t\t\t\t\t\t<\/div>\n\t\t\t\t\t\t<\/a>\n\t\t\t\t<\/div>\n\t\t\t\t<\/div>\n\t\t\t\t<div class=\"elementor-element elementor-element-99dc3c2 elementor-cta--skin-classic elementor-animated-content elementor-bg-transform elementor-bg-transform-zoom-in elementor-widget elementor-widget-call-to-action\" data-id=\"99dc3c2\" data-element_type=\"widget\" data-widget_type=\"call-to-action.default\">\n\t\t\t\t<div class=\"elementor-widget-container\">\n\t\t\t\t\t<a class=\"elementor-cta\" href=\"\/sostenibilidad\/eventos-y-foros\/iii-convocatoria-de-proyectos-sostenibles\/\">\n\t\t\t\t\t<div class=\"elementor-cta__bg-wrapper\">\n\t\t\t\t<div class=\"elementor-cta__bg elementor-bg\" style=\"background-image: url(https:\/\/fcctp.usmp.edu.pe\/sostenibilidad\/wp-content\/uploads\/2022\/05\/evforo_proysostenible.jpeg);\"><\/div>\n\t\t\t\t<div class=\"elementor-cta__bg-overlay\"><\/div>\n\t\t\t<\/div>\n\t\t\t\t\t\t\t<div class=\"elementor-cta__content\">\n\t\t\t\t\n\t\t\t\t<span class=\"elementor-cta__title elementor-cta__content-item elementor-content-item\">III CONVOCATORIA DE PROYECTOS SOSTENIBLES<\/span>\n\t\t\t\t\t\t\t\t\t<div class=\"elementor-cta__description elementor-cta__content-item elementor-content-item\">\n\t\t\t\t\t\tDirigida a la comunidad FCCTP y a organizaciones externas. \u00a1Env\u00edanos tu propuesta!\t\t\t\t\t<\/div>\n\t\t\t\t\n\t\t\t\t\t\t\t\t\t<div class=\"elementor-cta__button-wrapper elementor-cta__content-item elementor-content-item \">\n\t\t\t\t\t<span class=\"elementor-cta__button elementor-button elementor-size-sm\">\n\t\t\t\t\t\tDescubre m\u00e1s >\t\t\t\t\t<\/span>\n\t\t\t\t\t<\/div>\n\t\t\t\t\t\t\t<\/div>\n\t\t\t\t\t\t<\/a>\n\t\t\t\t<\/div>\n\t\t\t\t<\/div>\n\t\t\t\t<div class=\"elementor-element elementor-element-cc601cd elementor-cta--skin-classic elementor-animated-content elementor-bg-transform elementor-bg-transform-zoom-in elementor-widget elementor-widget-call-to-action\" data-id=\"cc601cd\" data-element_type=\"widget\" data-widget_type=\"call-to-action.default\">\n\t\t\t\t<div class=\"elementor-widget-container\">\n\t\t\t\t\t<a class=\"elementor-cta\" href=\"\/sostenibilidad\/eventos-y-foros\/i-convocatoria-de-proyectos-capitanes-del-cambio\/\">\n\t\t\t\t\t<div class=\"elementor-cta__bg-wrapper\">\n\t\t\t\t<div class=\"elementor-cta__bg elementor-bg\" style=\"background-image: url(https:\/\/fcctp.usmp.edu.pe\/sostenibilidad\/wp-content\/uploads\/2022\/05\/evforo_capitanes.jpeg);\"><\/div>\n\t\t\t\t<div class=\"elementor-cta__bg-overlay\"><\/div>\n\t\t\t<\/div>\n\t\t\t\t\t\t\t<div class=\"elementor-cta__content\">\n\t\t\t\t\n\t\t\t\t<span class=\"elementor-cta__title elementor-cta__content-item elementor-content-item\">I CONVOCATORIA DE PROYECTOS CAPITANES DEL CAMBIO<\/span>\n\t\t\t\t\t\t\t\t\t<div class=\"elementor-cta__description elementor-cta__content-item elementor-content-item\">\n\t\t\t\t\t\t\u00bfTienes una idea y formas parte de la comunidad FCCTP? Podemos hacerla realidad.\t\t\t\t\t<\/div>\n\t\t\t\t\n\t\t\t\t\t\t\t\t\t<div class=\"elementor-cta__button-wrapper elementor-cta__content-item elementor-content-item \">\n\t\t\t\t\t<span class=\"elementor-cta__button elementor-button elementor-size-sm\">\n\t\t\t\t\t\tDescubre m\u00e1s >\t\t\t\t\t<\/span>\n\t\t\t\t\t<\/div>\n\t\t\t\t\t\t\t<\/div>\n\t\t\t\t\t\t<\/a>\n\t\t\t\t<\/div>\n\t\t\t\t<\/div>\n\t\t\t\t<div class=\"elementor-element elementor-element-4327618 elementor-cta--skin-classic elementor-animated-content elementor-bg-transform elementor-bg-transform-zoom-in elementor-widget elementor-widget-call-to-action\" data-id=\"4327618\" data-element_type=\"widget\" data-widget_type=\"call-to-action.default\">\n\t\t\t\t<div class=\"elementor-widget-container\">\n\t\t\t\t\t<a class=\"elementor-cta\" href=\"\/sostenibilidad\/eventos-y-foros\/ii-convocatoria-de-proyectos-sostenibles\/\">\n\t\t\t\t\t<div class=\"elementor-cta__bg-wrapper\">\n\t\t\t\t<div class=\"elementor-cta__bg elementor-bg\" style=\"background-image: url(https:\/\/fcctp.usmp.edu.pe\/sostenibilidad\/wp-content\/uploads\/2022\/05\/evforo_proysostenible2.jpeg);\"><\/div>\n\t\t\t\t<div class=\"elementor-cta__bg-overlay\"><\/div>\n\t\t\t<\/div>\n\t\t\t\t\t\t\t<div class=\"elementor-cta__content\">\n\t\t\t\t\n\t\t\t\t<span class=\"elementor-cta__title elementor-cta__content-item elementor-content-item\">II CONVOCATORIA DE PROYECTOS SOSTENIBLES<\/span>\n\t\t\t\t\t\t\t\t\t<div class=\"elementor-cta__description elementor-cta__content-item elementor-content-item\">\n\t\t\t\t\t\tSeamos el cambio que queremos ver en nuestro entorno. \u00a1Env\u00edanos tu propuesta!\t\t\t\t\t<\/div>\n\t\t\t\t\n\t\t\t\t\t\t\t\t\t<div class=\"elementor-cta__button-wrapper elementor-cta__content-item elementor-content-item \">\n\t\t\t\t\t<span class=\"elementor-cta__button elementor-button elementor-size-sm\">\n\t\t\t\t\t\tDescubre m\u00e1s >\t\t\t\t\t<\/span>\n\t\t\t\t\t<\/div>\n\t\t\t\t\t\t\t<\/div>\n\t\t\t\t\t\t<\/a>\n\t\t\t\t<\/div>\n\t\t\t\t<\/div>\n\t\t\t\t<div class=\"elementor-element elementor-element-ee898e4 elementor-cta--skin-classic elementor-animated-content elementor-bg-transform elementor-bg-transform-zoom-in elementor-widget elementor-widget-call-to-action\" data-id=\"ee898e4\" data-element_type=\"widget\" data-widget_type=\"call-to-action.default\">\n\t\t\t\t<div class=\"elementor-widget-container\">\n\t\t\t\t\t<a class=\"elementor-cta\" href=\"\/sostenibilidad\/eventos-y-foros\/ii-foro-de-sostenibilidad\/\">\n\t\t\t\t\t<div class=\"elementor-cta__bg-wrapper\">\n\t\t\t\t<div class=\"elementor-cta__bg elementor-bg\" style=\"background-image: url(https:\/\/fcctp.usmp.edu.pe\/sostenibilidad\/wp-content\/uploads\/2022\/05\/evforo_forosostenibilidad2.jpeg);\"><\/div>\n\t\t\t\t<div class=\"elementor-cta__bg-overlay\"><\/div>\n\t\t\t<\/div>\n\t\t\t\t\t\t\t<div class=\"elementor-cta__content\">\n\t\t\t\t\n\t\t\t\t<span class=\"elementor-cta__title elementor-cta__content-item elementor-content-item\">II FORO DE SOSTENIBILIDAD<\/span>\n\t\t\t\t\t\t\t\t\t<div class=\"elementor-cta__description elementor-cta__content-item elementor-content-item\">\n\t\t\t\t\t\tOrganizaciones responsables: Avances en sostenibilidad rumbo al bicentenario.\t\t\t\t\t<\/div>\n\t\t\t\t\n\t\t\t\t\t\t\t\t\t<div class=\"elementor-cta__button-wrapper elementor-cta__content-item elementor-content-item \">\n\t\t\t\t\t<span class=\"elementor-cta__button elementor-button elementor-size-sm\">\n\t\t\t\t\t\tDescubre m\u00e1s >\t\t\t\t\t<\/span>\n\t\t\t\t\t<\/div>\n\t\t\t\t\t\t\t<\/div>\n\t\t\t\t\t\t<\/a>\n\t\t\t\t<\/div>\n\t\t\t\t<\/div>\n\t\t\t\t<div class=\"elementor-element elementor-element-af2d1c6 elementor-cta--skin-classic elementor-animated-content elementor-bg-transform elementor-bg-transform-zoom-in elementor-widget elementor-widget-call-to-action\" data-id=\"af2d1c6\" data-element_type=\"widget\" data-widget_type=\"call-to-action.default\">\n\t\t\t\t<div class=\"elementor-widget-container\">\n\t\t\t\t\t<a class=\"elementor-cta\" href=\"\/sostenibilidad\/eventos-y-foros\/i-foro-de-sostenibilidad\/\">\n\t\t\t\t\t<div class=\"elementor-cta__bg-wrapper\">\n\t\t\t\t<div class=\"elementor-cta__bg elementor-bg\" style=\"background-image: url(https:\/\/fcctp.usmp.edu.pe\/sostenibilidad\/wp-content\/uploads\/2022\/05\/evforo_forosostenibilidad1.jpeg);\"><\/div>\n\t\t\t\t<div class=\"elementor-cta__bg-overlay\"><\/div>\n\t\t\t<\/div>\n\t\t\t\t\t\t\t<div class=\"elementor-cta__content\">\n\t\t\t\t\n\t\t\t\t<span class=\"elementor-cta__title elementor-cta__content-item elementor-content-item\">I FORO DE SOSTENIBILIDAD<\/span>\n\t\t\t\t\t\t\t\t\t<div class=\"elementor-cta__description elementor-cta__content-item elementor-content-item\">\n\t\t\t\t\t\tFormaci\u00f3n para el desarrollo: conociendo el impacto de tu carrera.\t\t\t\t\t<\/div>\n\t\t\t\t\n\t\t\t\t\t\t\t\t\t<div class=\"elementor-cta__button-wrapper elementor-cta__content-item elementor-content-item \">\n\t\t\t\t\t<span class=\"elementor-cta__button elementor-button elementor-size-sm\">\n\t\t\t\t\t\tDescubre m\u00e1s >\t\t\t\t\t<\/span>\n\t\t\t\t\t<\/div>\n\t\t\t\t\t\t\t<\/div>\n\t\t\t\t\t\t<\/a>\n\t\t\t\t<\/div>\n\t\t\t\t<\/div>\n\t\t\t\t<div class=\"elementor-element elementor-element-afb6e11 elementor-cta--skin-classic elementor-animated-content elementor-bg-transform elementor-bg-transform-zoom-in elementor-widget elementor-widget-call-to-action\" data-id=\"afb6e11\" data-element_type=\"widget\" data-widget_type=\"call-to-action.default\">\n\t\t\t\t<div class=\"elementor-widget-container\">\n\t\t\t\t\t<a class=\"elementor-cta\" href=\"\/sostenibilidad\/iv-convocatoria-de-proyectos-sostenibles\/\">\n\t\t\t\t\t<div class=\"elementor-cta__bg-wrapper\">\n\t\t\t\t<div class=\"elementor-cta__bg elementor-bg\" style=\"background-image: url(https:\/\/fcctp.usmp.edu.pe\/sostenibilidad\/wp-content\/uploads\/2022\/06\/evento-convocatoria.jpg);\"><\/div>\n\t\t\t\t<div class=\"elementor-cta__bg-overlay\"><\/div>\n\t\t\t<\/div>\n\t\t\t\t\t\t\t<div class=\"elementor-cta__content\">\n\t\t\t\t\n\t\t\t\t<span class=\"elementor-cta__title elementor-cta__content-item elementor-content-item\">IV Convocatoria de Proyectos Sostenibles<\/span>\n\t\t\t\t\t\t\t\t\t<div class=\"elementor-cta__description elementor-cta__content-item elementor-content-item\">\n\t\t\t\t\t\tDirigida a la comunidad FCCTP y a organizaciones externas. \u00a1Env\u00edanos tu propuesta!\t\t\t\t\t<\/div>\n\t\t\t\t\n\t\t\t\t\t\t\t\t\t<div class=\"elementor-cta__button-wrapper elementor-cta__content-item elementor-content-item \">\n\t\t\t\t\t<span class=\"elementor-cta__button elementor-button elementor-size-sm\">\n\t\t\t\t\t\tDescubre m\u00e1s >\t\t\t\t\t<\/span>\n\t\t\t\t\t<\/div>\n\t\t\t\t\t\t\t<\/div>\n\t\t\t\t\t\t<\/a>\n\t\t\t\t<\/div>\n\t\t\t\t<\/div>\n\t\t\t\t\t<\/div>\n\t\t\t\t<\/div>\n\t\t\t\t\t\t\t<\/div>\n\t\t","protected":false},"excerpt":{"rendered":"<p>Nuestros Eventos Organizamos eventos, campa\u00f1as y espacios participativos que fomentan la reflexi\u00f3n, el aprendizaje y la acci\u00f3n conjunta hacia un futuro m\u00e1s sostenible.\u200b V Feria de Voluntariado El evento, en su quinta edici\u00f3n, reuni\u00f3 a 14 organizaciones de voluntariado, quienes brindar\u00e1n opciones a los estudiantes para participar en actividades que se alineen con sus intereses y valores. Descubre m\u00e1s > III Semana de Sostenibilidad En esta nueva edici\u00f3n, se organizar\u00e1n diversos eventos y actividades enfocadas en promover la sostenibilidad y concientizar a los alumnos sobre la importancia de cuidar el medio ambiente y fomentar la equidad social. Descubre m\u00e1s > Jornada Sostenible: Arborizaci\u00f3n Los estudiantes de la FCCTP participan en jornadas de voluntariado ambiental en alianza con la Municipalidad de Lima y SERPAR, incluyendo actividades como arborizaci\u00f3n. Descubre m\u00e1s > Jornada Sostenible: Limpieza de playas Los estudiantes de la FCCTP participan en jornadas de voluntariado ambiental en alianza con la Municipalidad de Lima y SERPAR, incluyendo actividades como limpieza de playas. Descubre m\u00e1s > Jornada por la Salud Mental Materna Estudiantes de Psicolog\u00eda brindaron un taller de salud mental materna a madres de familia en el colegio Jos\u00e9 Mar\u00eda Arguedas de San Juan de Miraflores. Descubre m\u00e1s > II Semana de Sostenibilidad En su segunda edici\u00f3n, se llev\u00f3 a cabo la Semana de la Sostenibilidad, 5 d\u00edas llenos de actividades para un futuro mejor. Descubre m\u00e1s > IV Feria de Voluntariado En su cuarta edici\u00f3n, la feria de voluntariado se realiz\u00f3 con \u00e9xito y reuni\u00f3 a distintas organizaciones con iniciativas sostenibles. Descubre m\u00e1s > I Semana de Sostenibilidad Por primera vez en la FCCTP, se llev\u00f3 a cabo la Semana de la Sostenibilidad, 5 d\u00edas llenos de actividades para un futuro mejor. Descubre m\u00e1s > III Feria de Voluntariado En su tercera edici\u00f3n, la feria de voluntariado se realiz\u00f3 con \u00e9xito y reuni\u00f3 a distintas organizaciones con iniciativas sostenibles. Descubre m\u00e1s > IV Convocatoria de Proyectos Sostenibles Esta convocatoria invit\u00f3 a la comunidad FCCTP y a organizaciones externas a presentar un proyecto de responsabilidad social, sostenible, alineado con los Objetivos de Desarrollo Sostenible de la ONU y en formato virtual o presencial. Descubre m\u00e1s > II Feria de Voluntariado La segunda edici\u00f3n de la Feria de voluntariado, organizada por la Facultad de Ciencias de la Comunicaci\u00f3n, Turismo y Psicolog\u00eda de la Universidad de San Mart\u00edn de Porres&#8230; Descubre m\u00e1s > IV Foro de Sostenibilidad La cuarta edici\u00f3n del Foro de Sostenibilidad, organizado por la Facultad de Ciencias de la Comunicaci\u00f3n, Turismo y Psicolog\u00eda de la Universidad de San Mart\u00edn de Porres. Descubre m\u00e1s > I FERIA DE VOLUNTARIADO Organizaciones promoviendo la ciudadan\u00eda activa desde el voluntariado Descubre m\u00e1s > III FORO DE SOSTENIBILIDAD La educaci\u00f3n como base para el desarrollo sostenible Descubre m\u00e1s > III CONVOCATORIA DE PROYECTOS SOSTENIBLES Dirigida a la comunidad FCCTP y a organizaciones externas. \u00a1Env\u00edanos tu propuesta! Descubre m\u00e1s > I CONVOCATORIA DE PROYECTOS CAPITANES DEL CAMBIO \u00bfTienes una idea y formas parte de la comunidad FCCTP? Podemos hacerla realidad. Descubre m\u00e1s > II CONVOCATORIA DE PROYECTOS SOSTENIBLES Seamos el cambio que queremos ver en nuestro entorno. \u00a1Env\u00edanos tu propuesta! Descubre m\u00e1s > II FORO DE SOSTENIBILIDAD Organizaciones responsables: Avances en sostenibilidad rumbo al bicentenario. Descubre m\u00e1s > I FORO DE SOSTENIBILIDAD Formaci\u00f3n para el desarrollo: conociendo el impacto de tu carrera. Descubre m\u00e1s > IV Convocatoria de Proyectos Sostenibles Dirigida a la comunidad FCCTP y a organizaciones externas. \u00a1Env\u00edanos tu propuesta! Descubre m\u00e1s ><\/p>\n","protected":false},"author":5,"featured_media":0,"parent":0,"menu_order":0,"comment_status":"closed","ping_status":"closed","template":"elementor_header_footer","meta":{"inline_featured_image":false,"footnotes":""},"class_list":["post-16","page","type-page","status-publish"],"yoast_head":"<!-- This site is optimized with the Yoast SEO plugin v26.5 - https:\/\/yoast.com\/wordpress\/plugins\/seo\/ -->\n<title>Eventos y foros - Sostenibilidad<\/title>\n<meta name=\"robots\" content=\"index, follow, max-snippet:-1, max-image-preview:large, max-video-preview:-1\" \/>\n<link rel=\"canonical\" href=\"https:\/\/fcctp.usmp.edu.pe\/sostenibilidad\/eventos-y-foros\/\" \/>\n<meta property=\"og:locale\" content=\"en_US\" \/>\n<meta property=\"og:type\" content=\"article\" \/>\n<meta property=\"og:title\" content=\"Eventos y foros - Sostenibilidad\" \/>\n<meta property=\"og:description\" content=\"Nuestros Eventos Organizamos eventos, campa\u00f1as y espacios participativos que fomentan la reflexi\u00f3n, el aprendizaje y la acci\u00f3n conjunta hacia un futuro m\u00e1s sostenible.\u200b V Feria de Voluntariado El evento, en su quinta edici\u00f3n, reuni\u00f3 a 14 organizaciones de voluntariado, quienes brindar\u00e1n opciones a los estudiantes para participar en actividades que se alineen con sus intereses y valores. Descubre m\u00e1s &gt; III Semana de Sostenibilidad En esta nueva edici\u00f3n, se organizar\u00e1n diversos eventos y actividades enfocadas en promover la sostenibilidad y concientizar a los alumnos sobre la importancia de cuidar el medio ambiente y fomentar la equidad social. Descubre m\u00e1s &gt; Jornada Sostenible: Arborizaci\u00f3n Los estudiantes de la FCCTP participan en jornadas de voluntariado ambiental en alianza con la Municipalidad de Lima y SERPAR, incluyendo actividades como arborizaci\u00f3n. Descubre m\u00e1s &gt; Jornada Sostenible: Limpieza de playas Los estudiantes de la FCCTP participan en jornadas de voluntariado ambiental en alianza con la Municipalidad de Lima y SERPAR, incluyendo actividades como limpieza de playas. Descubre m\u00e1s &gt; Jornada por la Salud Mental Materna Estudiantes de Psicolog\u00eda brindaron un taller de salud mental materna a madres de familia en el colegio Jos\u00e9 Mar\u00eda Arguedas de San Juan de Miraflores. Descubre m\u00e1s &gt; II Semana de Sostenibilidad En su segunda edici\u00f3n, se llev\u00f3 a cabo la Semana de la Sostenibilidad, 5 d\u00edas llenos de actividades para un futuro mejor. Descubre m\u00e1s &gt; IV Feria de Voluntariado En su cuarta edici\u00f3n, la feria de voluntariado se realiz\u00f3 con \u00e9xito y reuni\u00f3 a distintas organizaciones con iniciativas sostenibles. Descubre m\u00e1s &gt; I Semana de Sostenibilidad Por primera vez en la FCCTP, se llev\u00f3 a cabo la Semana de la Sostenibilidad, 5 d\u00edas llenos de actividades para un futuro mejor. Descubre m\u00e1s &gt; III Feria de Voluntariado En su tercera edici\u00f3n, la feria de voluntariado se realiz\u00f3 con \u00e9xito y reuni\u00f3 a distintas organizaciones con iniciativas sostenibles. Descubre m\u00e1s &gt; IV Convocatoria de Proyectos Sostenibles Esta convocatoria invit\u00f3 a la comunidad FCCTP y a organizaciones externas a presentar un proyecto de responsabilidad social, sostenible, alineado con los Objetivos de Desarrollo Sostenible de la ONU y en formato virtual o presencial. Descubre m\u00e1s &gt; II Feria de Voluntariado La segunda edici\u00f3n de la Feria de voluntariado, organizada por la Facultad de Ciencias de la Comunicaci\u00f3n, Turismo y Psicolog\u00eda de la Universidad de San Mart\u00edn de Porres&#8230; Descubre m\u00e1s &gt; IV Foro de Sostenibilidad La cuarta edici\u00f3n del Foro de Sostenibilidad, organizado por la Facultad de Ciencias de la Comunicaci\u00f3n, Turismo y Psicolog\u00eda de la Universidad de San Mart\u00edn de Porres. Descubre m\u00e1s &gt; I FERIA DE VOLUNTARIADO Organizaciones promoviendo la ciudadan\u00eda activa desde el voluntariado Descubre m\u00e1s &gt; III FORO DE SOSTENIBILIDAD La educaci\u00f3n como base para el desarrollo sostenible Descubre m\u00e1s &gt; III CONVOCATORIA DE PROYECTOS SOSTENIBLES Dirigida a la comunidad FCCTP y a organizaciones externas. \u00a1Env\u00edanos tu propuesta! Descubre m\u00e1s &gt; I CONVOCATORIA DE PROYECTOS CAPITANES DEL CAMBIO \u00bfTienes una idea y formas parte de la comunidad FCCTP? Podemos hacerla realidad. Descubre m\u00e1s &gt; II CONVOCATORIA DE PROYECTOS SOSTENIBLES Seamos el cambio que queremos ver en nuestro entorno. \u00a1Env\u00edanos tu propuesta! Descubre m\u00e1s &gt; II FORO DE SOSTENIBILIDAD Organizaciones responsables: Avances en sostenibilidad rumbo al bicentenario. Descubre m\u00e1s &gt; I FORO DE SOSTENIBILIDAD Formaci\u00f3n para el desarrollo: conociendo el impacto de tu carrera. Descubre m\u00e1s &gt; IV Convocatoria de Proyectos Sostenibles Dirigida a la comunidad FCCTP y a organizaciones externas. \u00a1Env\u00edanos tu propuesta! Descubre m\u00e1s &gt;\" \/>\n<meta property=\"og:url\" content=\"https:\/\/fcctp.usmp.edu.pe\/sostenibilidad\/eventos-y-foros\/\" \/>\n<meta property=\"og:site_name\" content=\"Sostenibilidad\" \/>\n<meta property=\"article:modified_time\" content=\"2026-04-24T21:31:36+00:00\" \/>\n<meta name=\"twitter:card\" content=\"summary_large_image\" \/>\n<meta name=\"twitter:label1\" content=\"Est. reading time\" \/>\n\t<meta name=\"twitter:data1\" content=\"2 minutes\" \/>\n<script type=\"application\/ld+json\" class=\"yoast-schema-graph\">{\"@context\":\"https:\/\/schema.org\",\"@graph\":[{\"@type\":\"WebPage\",\"@id\":\"https:\/\/fcctp.usmp.edu.pe\/sostenibilidad\/eventos-y-foros\/\",\"url\":\"https:\/\/fcctp.usmp.edu.pe\/sostenibilidad\/eventos-y-foros\/\",\"name\":\"Eventos y foros - Sostenibilidad\",\"isPartOf\":{\"@id\":\"https:\/\/fcctp.usmp.edu.pe\/sostenibilidad\/#website\"},\"datePublished\":\"2022-05-24T09:11:16+00:00\",\"dateModified\":\"2026-04-24T21:31:36+00:00\",\"breadcrumb\":{\"@id\":\"https:\/\/fcctp.usmp.edu.pe\/sostenibilidad\/eventos-y-foros\/#breadcrumb\"},\"inLanguage\":\"en-US\",\"potentialAction\":[{\"@type\":\"ReadAction\",\"target\":[\"https:\/\/fcctp.usmp.edu.pe\/sostenibilidad\/eventos-y-foros\/\"]}]},{\"@type\":\"BreadcrumbList\",\"@id\":\"https:\/\/fcctp.usmp.edu.pe\/sostenibilidad\/eventos-y-foros\/#breadcrumb\",\"itemListElement\":[{\"@type\":\"ListItem\",\"position\":1,\"name\":\"Home\",\"item\":\"https:\/\/fcctp.usmp.edu.pe\/sostenibilidad\/\"},{\"@type\":\"ListItem\",\"position\":2,\"name\":\"Eventos y foros\"}]},{\"@type\":\"WebSite\",\"@id\":\"https:\/\/fcctp.usmp.edu.pe\/sostenibilidad\/#website\",\"url\":\"https:\/\/fcctp.usmp.edu.pe\/sostenibilidad\/\",\"name\":\"Sostenibilidad\",\"description\":\"Universidad de San Mart\u00edn de Porres\",\"potentialAction\":[{\"@type\":\"SearchAction\",\"target\":{\"@type\":\"EntryPoint\",\"urlTemplate\":\"https:\/\/fcctp.usmp.edu.pe\/sostenibilidad\/?s={search_term_string}\"},\"query-input\":{\"@type\":\"PropertyValueSpecification\",\"valueRequired\":true,\"valueName\":\"search_term_string\"}}],\"inLanguage\":\"en-US\"}]}<\/script>\n<!-- \/ Yoast SEO plugin. -->","yoast_head_json":{"title":"Eventos y foros - Sostenibilidad","robots":{"index":"index","follow":"follow","max-snippet":"max-snippet:-1","max-image-preview":"max-image-preview:large","max-video-preview":"max-video-preview:-1"},"canonical":"https:\/\/fcctp.usmp.edu.pe\/sostenibilidad\/eventos-y-foros\/","og_locale":"en_US","og_type":"article","og_title":"Eventos y foros - Sostenibilidad","og_description":"Nuestros Eventos Organizamos eventos, campa\u00f1as y espacios participativos que fomentan la reflexi\u00f3n, el aprendizaje y la acci\u00f3n conjunta hacia un futuro m\u00e1s sostenible.\u200b V Feria de Voluntariado El evento, en su quinta edici\u00f3n, reuni\u00f3 a 14 organizaciones de voluntariado, quienes brindar\u00e1n opciones a los estudiantes para participar en actividades que se alineen con sus intereses y valores. Descubre m\u00e1s > III Semana de Sostenibilidad En esta nueva edici\u00f3n, se organizar\u00e1n diversos eventos y actividades enfocadas en promover la sostenibilidad y concientizar a los alumnos sobre la importancia de cuidar el medio ambiente y fomentar la equidad social. Descubre m\u00e1s > Jornada Sostenible: Arborizaci\u00f3n Los estudiantes de la FCCTP participan en jornadas de voluntariado ambiental en alianza con la Municipalidad de Lima y SERPAR, incluyendo actividades como arborizaci\u00f3n. Descubre m\u00e1s > Jornada Sostenible: Limpieza de playas Los estudiantes de la FCCTP participan en jornadas de voluntariado ambiental en alianza con la Municipalidad de Lima y SERPAR, incluyendo actividades como limpieza de playas. Descubre m\u00e1s > Jornada por la Salud Mental Materna Estudiantes de Psicolog\u00eda brindaron un taller de salud mental materna a madres de familia en el colegio Jos\u00e9 Mar\u00eda Arguedas de San Juan de Miraflores. Descubre m\u00e1s > II Semana de Sostenibilidad En su segunda edici\u00f3n, se llev\u00f3 a cabo la Semana de la Sostenibilidad, 5 d\u00edas llenos de actividades para un futuro mejor. Descubre m\u00e1s > IV Feria de Voluntariado En su cuarta edici\u00f3n, la feria de voluntariado se realiz\u00f3 con \u00e9xito y reuni\u00f3 a distintas organizaciones con iniciativas sostenibles. Descubre m\u00e1s > I Semana de Sostenibilidad Por primera vez en la FCCTP, se llev\u00f3 a cabo la Semana de la Sostenibilidad, 5 d\u00edas llenos de actividades para un futuro mejor. Descubre m\u00e1s > III Feria de Voluntariado En su tercera edici\u00f3n, la feria de voluntariado se realiz\u00f3 con \u00e9xito y reuni\u00f3 a distintas organizaciones con iniciativas sostenibles. Descubre m\u00e1s > IV Convocatoria de Proyectos Sostenibles Esta convocatoria invit\u00f3 a la comunidad FCCTP y a organizaciones externas a presentar un proyecto de responsabilidad social, sostenible, alineado con los Objetivos de Desarrollo Sostenible de la ONU y en formato virtual o presencial. Descubre m\u00e1s > II Feria de Voluntariado La segunda edici\u00f3n de la Feria de voluntariado, organizada por la Facultad de Ciencias de la Comunicaci\u00f3n, Turismo y Psicolog\u00eda de la Universidad de San Mart\u00edn de Porres&#8230; Descubre m\u00e1s > IV Foro de Sostenibilidad La cuarta edici\u00f3n del Foro de Sostenibilidad, organizado por la Facultad de Ciencias de la Comunicaci\u00f3n, Turismo y Psicolog\u00eda de la Universidad de San Mart\u00edn de Porres. Descubre m\u00e1s > I FERIA DE VOLUNTARIADO Organizaciones promoviendo la ciudadan\u00eda activa desde el voluntariado Descubre m\u00e1s > III FORO DE SOSTENIBILIDAD La educaci\u00f3n como base para el desarrollo sostenible Descubre m\u00e1s > III CONVOCATORIA DE PROYECTOS SOSTENIBLES Dirigida a la comunidad FCCTP y a organizaciones externas. \u00a1Env\u00edanos tu propuesta! Descubre m\u00e1s > I CONVOCATORIA DE PROYECTOS CAPITANES DEL CAMBIO \u00bfTienes una idea y formas parte de la comunidad FCCTP? Podemos hacerla realidad. Descubre m\u00e1s > II CONVOCATORIA DE PROYECTOS SOSTENIBLES Seamos el cambio que queremos ver en nuestro entorno. \u00a1Env\u00edanos tu propuesta! Descubre m\u00e1s > II FORO DE SOSTENIBILIDAD Organizaciones responsables: Avances en sostenibilidad rumbo al bicentenario. Descubre m\u00e1s > I FORO DE SOSTENIBILIDAD Formaci\u00f3n para el desarrollo: conociendo el impacto de tu carrera. Descubre m\u00e1s > IV Convocatoria de Proyectos Sostenibles Dirigida a la comunidad FCCTP y a organizaciones externas. \u00a1Env\u00edanos tu propuesta! Descubre m\u00e1s >","og_url":"https:\/\/fcctp.usmp.edu.pe\/sostenibilidad\/eventos-y-foros\/","og_site_name":"Sostenibilidad","article_modified_time":"2026-04-24T21:31:36+00:00","twitter_card":"summary_large_image","twitter_misc":{"Est. reading time":"2 minutes"},"schema":{"@context":"https:\/\/schema.org","@graph":[{"@type":"WebPage","@id":"https:\/\/fcctp.usmp.edu.pe\/sostenibilidad\/eventos-y-foros\/","url":"https:\/\/fcctp.usmp.edu.pe\/sostenibilidad\/eventos-y-foros\/","name":"Eventos y foros - Sostenibilidad","isPartOf":{"@id":"https:\/\/fcctp.usmp.edu.pe\/sostenibilidad\/#website"},"datePublished":"2022-05-24T09:11:16+00:00","dateModified":"2026-04-24T21:31:36+00:00","breadcrumb":{"@id":"https:\/\/fcctp.usmp.edu.pe\/sostenibilidad\/eventos-y-foros\/#breadcrumb"},"inLanguage":"en-US","potentialAction":[{"@type":"ReadAction","target":["https:\/\/fcctp.usmp.edu.pe\/sostenibilidad\/eventos-y-foros\/"]}]},{"@type":"BreadcrumbList","@id":"https:\/\/fcctp.usmp.edu.pe\/sostenibilidad\/eventos-y-foros\/#breadcrumb","itemListElement":[{"@type":"ListItem","position":1,"name":"Home","item":"https:\/\/fcctp.usmp.edu.pe\/sostenibilidad\/"},{"@type":"ListItem","position":2,"name":"Eventos y foros"}]},{"@type":"WebSite","@id":"https:\/\/fcctp.usmp.edu.pe\/sostenibilidad\/#website","url":"https:\/\/fcctp.usmp.edu.pe\/sostenibilidad\/","name":"Sostenibilidad","description":"Universidad de San Mart\u00edn de Porres","potentialAction":[{"@type":"SearchAction","target":{"@type":"EntryPoint","urlTemplate":"https:\/\/fcctp.usmp.edu.pe\/sostenibilidad\/?s={search_term_string}"},"query-input":{"@type":"PropertyValueSpecification","valueRequired":true,"valueName":"search_term_string"}}],"inLanguage":"en-US"}]}},"_links":{"self":[{"href":"https:\/\/fcctp.usmp.edu.pe\/sostenibilidad\/wp-json\/wp\/v2\/pages\/16","targetHints":{"allow":["GET"]}}],"collection":[{"href":"https:\/\/fcctp.usmp.edu.pe\/sostenibilidad\/wp-json\/wp\/v2\/pages"}],"about":[{"href":"https:\/\/fcctp.usmp.edu.pe\/sostenibilidad\/wp-json\/wp\/v2\/types\/page"}],"author":[{"embeddable":true,"href":"https:\/\/fcctp.usmp.edu.pe\/sostenibilidad\/wp-json\/wp\/v2\/users\/5"}],"replies":[{"embeddable":true,"href":"https:\/\/fcctp.usmp.edu.pe\/sostenibilidad\/wp-json\/wp\/v2\/comments?post=16"}],"version-history":[{"count":73,"href":"https:\/\/fcctp.usmp.edu.pe\/sostenibilidad\/wp-json\/wp\/v2\/pages\/16\/revisions"}],"predecessor-version":[{"id":63109,"href":"https:\/\/fcctp.usmp.edu.pe\/sostenibilidad\/wp-json\/wp\/v2\/pages\/16\/revisions\/63109"}],"wp:attachment":[{"href":"https:\/\/fcctp.usmp.edu.pe\/sostenibilidad\/wp-json\/wp\/v2\/media?parent=16"}],"curies":[{"name":"wp","href":"https:\/\/api.w.org\/{rel}","templated":true}]}}